{"id":6464,"date":"2020-12-18T11:48:53","date_gmt":"2020-12-18T14:48:53","guid":{"rendered":"https:\/\/tainacan.eci.ufmg.br\/70anos\/?page_id=6464"},"modified":"2020-12-18T14:42:08","modified_gmt":"2020-12-18T17:42:08","slug":"textocuratorial","status":"publish","type":"page","link":"https:\/\/tainacan.eci.ufmg.br\/70anos\/textocuratorial\/","title":{"rendered":"Texto Curatorial"},"content":{"rendered":"<section class=\"l-section wpb_row height_custom with_img with_overlay\"><div class=\"l-section-img\" style=\"background-image: url(https:\/\/tainacan.eci.ufmg.br\/70anos\/wp-content\/uploads\/sites\/19\/2020\/12\/palmeiras_slider.jpg);\" data-img-width=\"1500\" data-img-height=\"942\"><\/div><div class=\"l-section-overlay\" style=\"background: rgba(34,35,41,0.4)\"><\/div><div class=\"l-section-h i-cf\"><div class=\"g-cols vc_row type_default valign_top\"><div class=\"vc_col-sm-12 wpb_column vc_column_container\"><div class=\"vc_column-inner\"><div class=\"wpb_wrapper\"><h2 class=\"w-post-elm post_title us_custom_6df4bc3a align_center entry-title color_link_inherit has_text_color\">Texto Curatorial<\/h2><\/div><\/div><\/div><\/div><\/div><\/section><section class=\"l-section wpb_row height_custom\"><div class=\"l-section-h i-cf\"><div class=\"g-cols vc_row type_default valign_top\"><div class=\"vc_col-sm-12 wpb_column vc_column_container\"><div class=\"vc_column-inner\"><div class=\"wpb_wrapper\"><div class=\"wpb_text_column\" ><div class=\"wpb_wrapper\"><p>O projeto para a realiza\u00e7\u00e3o desta exposi\u00e7\u00e3o teve como ponto de partida a vontade de se comemorar o septuag\u00e9simo anivers\u00e1rio da Escola de Ci\u00eancia da Informa\u00e7\u00e3o (ECI UFMG). A partir desta vontade, pensou-se em homenagear toda a hist\u00f3ria da Escola at\u00e9 o momento, passando por seus ex-alunos, professores, t\u00e9cnicos e todo seu acervo art\u00edstico, arquiv\u00edstico, cultural e hist\u00f3rico. Ent\u00e3o, um grupo de professores e t\u00e9cnicos administrativos se organizou para, n\u00e3o s\u00f3 fazer uma homenagem e um reconhecimento, como tamb\u00e9m manifestar a saudade de viv\u00eancias que se constru\u00edram ao redor desta importante Escola.<\/p>\n<p>Este grupo prop\u00f5e, por meio de fotos e textos, resgatar a mem\u00f3ria da ECI e estabelecer o movimento que real\u00e7a o afeto, evidencia o fato e os momentos raros vividos por muitos dos que passaram pela escola, homenageando a hist\u00f3ria deste local produtor de conhecimento, que j\u00e1 possui mais de meio s\u00e9culo.<\/p>\n<p>O conjunto de fotos e textos desta coletiva busca evidenciar a hist\u00f3ria e a produ\u00e7\u00e3o do conhecimento da Escola de Ci\u00eancia da Informa\u00e7\u00e3o da UFMG e justap\u00f4-lo a uma sala virtual, de forma a promover uma singela manifesta\u00e7\u00e3o de apre\u00e7o a esta Escola e trazer comemora\u00e7\u00e3o de anivers\u00e1rio em um momento de pandemia, em que exposi\u00e7\u00f5es presenciais n\u00e3o podem ser realizadas.<\/p>\n<p>Em face desta iniciativa, o corpo docente e t\u00e9cnico administrativo da ECI, decide homenagear a septuagen\u00e1ria ECI que, por meio desta manifesta\u00e7\u00e3o, torna p\u00fablica a hist\u00f3ria not\u00e1vel desta Escola.<\/p>\n<p>A ECI foi fundada a partir de um conv\u00eanio entre a Secretaria de Educa\u00e7\u00e3o do Estado de Minas Gerais, por meio do Secret\u00e1rio Abgard Renaut, e o Instituto Nacional do Livro \u2013 INL, sob a Portaria N\u00ba 37 de 17\/01\/1950, publicada no Di\u00e1rio Oficial de Minas Gerais em 25\/01\/1950, para o funcionamento do Curso de Biblioteconomia de Belo Horizonte.<\/p>\n<p>Para esta homenagem, a curadoria se pautou em um corte hist\u00f3rico, perfazendo por meio de um recorte temporal dos eventos, pessoas ilustres e fatos hist\u00f3ricos. As fotos e textos que comp\u00f5em esta exposi\u00e7\u00e3o foram cedidas por alunos, professores e t\u00e9cnicos administrativos que tiveram ou t\u00eam passagem pela ECI. A exposi\u00e7\u00e3o tamb\u00e9m conta com a colabora\u00e7\u00e3o da comunidade da ECI. Juntos, registraremos essa hist\u00f3ria.<\/p>\n<h6>Mateus Corn\u00e9lio de Souza Coelho<br \/>\nJezulino Mendes Braga<\/h6>\n<p>Curadores da Exposi\u00e7\u00e3o<\/p>\n<\/div><\/div><\/div><\/div><\/div><\/div><\/div><\/section>\n","protected":false},"excerpt":{"rendered":"Texto CuratorialO projeto para a realiza\u00e7\u00e3o desta exposi\u00e7\u00e3o teve como ponto de partida a vontade de se comemorar o septuag\u00e9simo anivers\u00e1rio da Escola de Ci\u00eancia da Informa\u00e7\u00e3o (ECI UFMG). A partir desta vontade, pensou-se em homenagear toda a hist\u00f3ria da Escola at\u00e9 o momento, passando por seus ex-alunos, professores, t\u00e9cnicos e todo seu acervo art\u00edstico,...","protected":false},"author":2,"featured_media":6401,"parent":0,"menu_order":0,"comment_status":"closed","ping_status":"closed","template":"","meta":{"footnotes":""},"class_list":["post-6464","page","type-page","status-publish","has-post-thumbnail","hentry"],"_links":{"self":[{"href":"https:\/\/tainacan.eci.ufmg.br\/70anos\/wp-json\/wp\/v2\/pages\/6464","targetHints":{"allow":["GET"]}}],"collection":[{"href":"https:\/\/tainacan.eci.ufmg.br\/70anos\/wp-json\/wp\/v2\/pages"}],"about":[{"href":"https:\/\/tainacan.eci.ufmg.br\/70anos\/wp-json\/wp\/v2\/types\/page"}],"author":[{"embeddable":true,"href":"https:\/\/tainacan.eci.ufmg.br\/70anos\/wp-json\/wp\/v2\/users\/2"}],"replies":[{"embeddable":true,"href":"https:\/\/tainacan.eci.ufmg.br\/70anos\/wp-json\/wp\/v2\/comments?post=6464"}],"version-history":[{"count":5,"href":"https:\/\/tainacan.eci.ufmg.br\/70anos\/wp-json\/wp\/v2\/pages\/6464\/revisions"}],"predecessor-version":[{"id":6501,"href":"https:\/\/tainacan.eci.ufmg.br\/70anos\/wp-json\/wp\/v2\/pages\/6464\/revisions\/6501"}],"wp:featuredmedia":[{"embeddable":true,"href":"https:\/\/tainacan.eci.ufmg.br\/70anos\/wp-json\/wp\/v2\/media\/6401"}],"wp:attachment":[{"href":"https:\/\/tainacan.eci.ufmg.br\/70anos\/wp-json\/wp\/v2\/media?parent=6464"}],"curies":[{"name":"wp","href":"https:\/\/api.w.org\/{rel}","templated":true}]}}